{"id":1110,"date":"2012-12-11T16:08:52","date_gmt":"2012-12-11T14:08:52","guid":{"rendered":"http:\/\/www.kritische-organisationsforschung.de\/?page_id=1110"},"modified":"2017-02-13T16:29:12","modified_gmt":"2017-02-13T14:29:12","slug":"workshop-2013-critical-management-studies","status":"publish","type":"page","link":"http:\/\/www.kritische-organisationsforschung.de\/?page_id=1110","title":{"rendered":"Workshop 2013 &#8211; &#8218;Critical Management Studies&#8216;"},"content":{"rendered":"<p>Vom <strong>30.-31. Mai 2013<\/strong> fand der dritte Workshop des Forums \u201aKritische Organisationsforschung\u2018 zur Thema \u201aCritical Management Studies\u2018 statt.<\/p>\n<p style=\"text-align: center;\"><span style=\"text-decoration: underline;\"><strong>Programm <\/strong>(zum Download: <a href=\"http:\/\/www.kritische-organisationsforschung.de\/wp-content\/uploads\/2012\/12\/Forum-KOF-Workshop-2013-Programm.pdf\">Forum KOF &#8211; Workshop 2013 Programm<\/a>)<\/span><\/p>\n<p><strong>30.Mai<\/strong><\/p>\n<table border=\"1\" cellspacing=\"0\" cellpadding=\"0\">\n<tbody>\n<tr>\n<td colspan=\"2\" valign=\"top\" width=\"614\">Ab 9:00 Uhr: Begr\u00fc\u00dfung und Kaffee<\/td>\n<\/tr>\n<tr>\n<td valign=\"top\" width=\"139\">9:30 Uhr<\/td>\n<td valign=\"top\" width=\"475\">Er\u00f6ffnung (Ronald Hartz, TU Chemnitz)<\/td>\n<\/tr>\n<tr>\n<td valign=\"top\" width=\"139\">10:00 Uhr<\/td>\n<td valign=\"top\" width=\"475\">\u201eWiderstandspunkte im Machtnetz\u201c: Eine Diskursgeschichte der BWL-Kritik(Gertraude Krell, FU Berlin)<\/td>\n<\/tr>\n<tr>\n<td valign=\"top\" width=\"139\">11:00 Uhr<\/td>\n<td valign=\"top\" width=\"475\">Organisation, Macht, Subjekt. Theorie und Geschichte des modernen Managements und die Rationalisierung der Arbeit(Nancy Richter, Bauhaus-Universit\u00e4t Weimar)<\/td>\n<\/tr>\n<tr>\n<td valign=\"top\" width=\"139\">12:00 \u2013 13:30 Uhr<\/td>\n<td valign=\"top\" width=\"475\">Mittagspause<\/td>\n<\/tr>\n<tr>\n<td valign=\"top\" width=\"139\">13:30 Uhr<\/td>\n<td valign=\"top\" width=\"475\">Organisationsp\u00e4dagogik und CMS(Thomas H\u00f6hne, Universit\u00e4t Erlangen-N\u00fcrnberg)<\/td>\n<\/tr>\n<tr>\n<td valign=\"top\" width=\"139\">14:30 Uhr<\/td>\n<td valign=\"top\" width=\"475\">Befunde zur Arbeitsorientierung in den Wirtschaftswissenschaften und arbeitswissenschaftliches Gestaltungsdilemma(Axel Haunschild, Leibniz Universit\u00e4t Hannover)<\/td>\n<\/tr>\n<tr>\n<td valign=\"top\" width=\"139\">15:30 \u2013 16:00 Uhr<\/td>\n<td valign=\"top\" width=\"475\">Kaffeepause<\/td>\n<\/tr>\n<tr>\n<td valign=\"top\" width=\"139\">16:00<\/td>\n<td valign=\"top\" width=\"475\">F\u00fchrungskr\u00e4fte und <span style=\"text-decoration: line-through;\">Miss<\/span>Vertrauen: Eine diskursanalytische Perspektive(Caroline Richter, Ruhr-Universit\u00e4t Bochum)<\/td>\n<\/tr>\n<tr>\n<td valign=\"top\" width=\"139\">17:00<\/td>\n<td valign=\"top\" width=\"475\">Warum die akademische \u201ePersonalforschung\u201c einseitig ist(Werner Nienh\u00fcser, Universit\u00e4t Duisburg-Essen)<\/td>\n<\/tr>\n<tr>\n<td colspan=\"2\" valign=\"top\" width=\"614\">Ende der Vortr\u00e4ge gegen 18:00<\/td>\n<\/tr>\n<tr>\n<td colspan=\"2\" width=\"614\">\n<p align=\"center\"><strong>Gemeinsames Abendessen<\/strong><\/p>\n<\/td>\n<\/tr>\n<\/tbody>\n<\/table>\n<p><strong>31.Mai<\/strong><\/p>\n<table border=\"1\" width=\"614\" cellspacing=\"0\" cellpadding=\"0\">\n<tbody>\n<tr>\n<td valign=\"top\" width=\"139\">9:00<\/td>\n<td valign=\"top\" width=\"475\">Being a Critter Whilst Contributing to the Efficiency of Managing a University Department. My Story of Failed Political Engagement(Ingo Winkler, University of Southern Denmark)<\/td>\n<\/tr>\n<tr>\n<td valign=\"top\" width=\"139\">10:00<\/td>\n<td valign=\"top\" width=\"475\">Programm(atisches)-Wissen des Organisierens zwischen Mode, Mythos und Machtmodell. Exemplarische Perspektivierung am Beispiel des Diskurses um \u201eHappiness\u201c und \u201eWellbeing\u201c(Susanne Maria Weber, Philipps-Universit\u00e4t Marburg)<\/td>\n<\/tr>\n<tr>\n<td valign=\"top\" width=\"139\">11:00<\/td>\n<td valign=\"top\" width=\"475\">Abschlussplenum: Wozu braucht es die \u201aCritical Management Studies\u2019?<\/td>\n<\/tr>\n<tr>\n<td colspan=\"2\" valign=\"top\" width=\"614\">Ab 12:00 Uhr: Kaffee und Verabschiedung<\/td>\n<\/tr>\n<\/tbody>\n<\/table>\n","protected":false},"excerpt":{"rendered":"<p>Vom 30.-31. Mai 2013 fand der dritte Workshop des Forums \u201aKritische Organisationsforschung\u2018 zur Thema \u201aCritical Management Studies\u2018 statt. Programm (zum Download: Forum KOF &#8211; Workshop 2013 Programm) 30.Mai Ab 9:00 Uhr: Begr\u00fc\u00dfung und Kaffee&#46;&#46;&#46;<\/p>\n","protected":false},"author":1,"featured_media":0,"parent":266,"menu_order":3,"comment_status":"open","ping_status":"closed","template":"","meta":{"spay_email":""},"yoast_head":"<!-- This site is optimized with the Yoast SEO plugin v14.4.1 - https:\/\/yoast.com\/wordpress\/plugins\/seo\/ -->\n<title>Workshop 2013 - &#039;Critical Management Studies&#039; - Kritische Organisationsforschung<\/title>\n<meta name=\"robots\" content=\"index, follow\" \/>\n<meta name=\"googlebot\" content=\"index, follow, max-snippet:-1, max-image-preview:large, max-video-preview:-1\" \/>\n<meta name=\"bingbot\" content=\"index, follow, max-snippet:-1, max-image-preview:large, max-video-preview:-1\" \/>\n<link rel=\"canonical\" href=\"http:\/\/www.kritische-organisationsforschung.de\/?page_id=1110\" \/>\n<meta property=\"og:locale\" content=\"de_DE\" \/>\n<meta property=\"og:type\" content=\"article\" \/>\n<meta property=\"og:title\" content=\"Workshop 2013 - &#039;Critical Management Studies&#039; - Kritische Organisationsforschung\" \/>\n<meta property=\"og:description\" content=\"Vom 30.-31. Mai 2013 fand der dritte Workshop des Forums \u201aKritische Organisationsforschung\u2018 zur Thema \u201aCritical Management Studies\u2018 statt. Programm (zum Download: Forum KOF &#8211; Workshop 2013 Programm) 30.Mai Ab 9:00 Uhr: Begr\u00fc\u00dfung und Kaffee&#046;&#046;&#046;\" \/>\n<meta property=\"og:url\" content=\"http:\/\/www.kritische-organisationsforschung.de\/?page_id=1110\" \/>\n<meta property=\"og:site_name\" content=\"Kritische Organisationsforschung\" \/>\n<meta property=\"article:modified_time\" content=\"2017-02-13T14:29:12+00:00\" \/>\n<meta name=\"twitter:card\" content=\"summary_large_image\" \/>\n<script type=\"application\/ld+json\" class=\"yoast-schema-graph\">{\"@context\":\"https:\/\/schema.org\",\"@graph\":[{\"@type\":[\"Person\",\"Organization\"],\"@id\":\"http:\/\/www.kritische-organisationsforschung.de\/#\/schema\/person\/af21231552ccb9e72e80be428f3eb39d\",\"name\":\"Ronald Hartz\",\"image\":{\"@type\":\"ImageObject\",\"@id\":\"http:\/\/www.kritische-organisationsforschung.de\/#personlogo\",\"inLanguage\":\"de\",\"url\":\"http:\/\/0.gravatar.com\/avatar\/624d155aac0712cad634e66552b4f9fe?s=96&d=blank&r=g\",\"caption\":\"Ronald Hartz\"},\"logo\":{\"@id\":\"http:\/\/www.kritische-organisationsforschung.de\/#personlogo\"}},{\"@type\":\"WebSite\",\"@id\":\"http:\/\/www.kritische-organisationsforschung.de\/#website\",\"url\":\"http:\/\/www.kritische-organisationsforschung.de\/\",\"name\":\"Kritische Organisationsforschung\",\"description\":\"a personal blog dedicated to the critical analysis of management, work and organization\",\"publisher\":{\"@id\":\"http:\/\/www.kritische-organisationsforschung.de\/#\/schema\/person\/af21231552ccb9e72e80be428f3eb39d\"},\"potentialAction\":[{\"@type\":\"SearchAction\",\"target\":\"http:\/\/www.kritische-organisationsforschung.de\/?s={search_term_string}\",\"query-input\":\"required name=search_term_string\"}],\"inLanguage\":\"de\"},{\"@type\":\"WebPage\",\"@id\":\"http:\/\/www.kritische-organisationsforschung.de\/?page_id=1110#webpage\",\"url\":\"http:\/\/www.kritische-organisationsforschung.de\/?page_id=1110\",\"name\":\"Workshop 2013 - 'Critical Management Studies' - Kritische Organisationsforschung\",\"isPartOf\":{\"@id\":\"http:\/\/www.kritische-organisationsforschung.de\/#website\"},\"datePublished\":\"2012-12-11T14:08:52+00:00\",\"dateModified\":\"2017-02-13T14:29:12+00:00\",\"inLanguage\":\"de\",\"potentialAction\":[{\"@type\":\"ReadAction\",\"target\":[\"http:\/\/www.kritische-organisationsforschung.de\/?page_id=1110\"]}]}]}<\/script>\n<!-- \/ Yoast SEO plugin. -->","jetpack_shortlink":"https:\/\/wp.me\/P2DMtA-hU","jetpack_likes_enabled":true,"jetpack-related-posts":[],"_links":{"self":[{"href":"http:\/\/www.kritische-organisationsforschung.de\/index.php?rest_route=\/wp\/v2\/pages\/1110"}],"collection":[{"href":"http:\/\/www.kritische-organisationsforschung.de\/index.php?rest_route=\/wp\/v2\/pages"}],"about":[{"href":"http:\/\/www.kritische-organisationsforschung.de\/index.php?rest_route=\/wp\/v2\/types\/page"}],"author":[{"embeddable":true,"href":"http:\/\/www.kritische-organisationsforschung.de\/index.php?rest_route=\/wp\/v2\/users\/1"}],"replies":[{"embeddable":true,"href":"http:\/\/www.kritische-organisationsforschung.de\/index.php?rest_route=%2Fwp%2Fv2%2Fcomments&post=1110"}],"version-history":[{"count":9,"href":"http:\/\/www.kritische-organisationsforschung.de\/index.php?rest_route=\/wp\/v2\/pages\/1110\/revisions"}],"predecessor-version":[{"id":1874,"href":"http:\/\/www.kritische-organisationsforschung.de\/index.php?rest_route=\/wp\/v2\/pages\/1110\/revisions\/1874"}],"up":[{"embeddable":true,"href":"http:\/\/www.kritische-organisationsforschung.de\/index.php?rest_route=\/wp\/v2\/pages\/266"}],"wp:attachment":[{"href":"http:\/\/www.kritische-organisationsforschung.de\/index.php?rest_route=%2Fwp%2Fv2%2Fmedia&parent=1110"}],"curies":[{"name":"wp","href":"https:\/\/api.w.org\/{rel}","templated":true}]}}