{"id":1870,"date":"2017-02-13T16:22:04","date_gmt":"2017-02-13T14:22:04","guid":{"rendered":"http:\/\/www.kritische-organisationsforschung.de\/?page_id=1870"},"modified":"2018-01-17T11:57:23","modified_gmt":"2018-01-17T09:57:23","slug":"workshop-2017-aesthetik-und-organisation","status":"publish","type":"page","link":"http:\/\/www.kritische-organisationsforschung.de\/?page_id=1870","title":{"rendered":"Workshop 2017 &#8211; &#8222;\u00c4sthetik und Organisation&#8220;"},"content":{"rendered":"<p>Der f\u00fcnfte Workshop des Forums \u201eKritische Organisationsforschung\u201c fand am <strong>5.-6. Oktober 2017<\/strong> an der <strong>Universit\u00e4t Duisburg-Essen<\/strong> statt. Die Organisatoren waren PD Dr. Ronald Hartz (Technische Universit\u00e4t Chemnitz), Prof. Dr. Werner Nienh\u00fcser (Universit\u00e4t Duisburg-Essen) und Jun.-Prof. Dr. Matthias R\u00e4tzer (Technische Universit\u00e4t Chemnitz).<\/p>\n<p>Call for Papers: <a href=\"http:\/\/www.kritische-organisationsforschung.de\/wp-content\/uploads\/2017\/06\/CfP-\u00c4sthetik-und-Organisation_KOF_2017_3.pdf\">CfP \u00c4sthetik und Organisation_KOF_2017<\/a><\/p>\n<p>Programm: <a href=\"http:\/\/www.kritische-organisationsforschung.de\/wp-content\/uploads\/2017\/07\/Forum-KOF-Workshop-2017_Programm_14072017-1.pdf\">Forum KOF &#8211; Workshop 2017_Programm<\/a><\/p>\n","protected":false},"excerpt":{"rendered":"<p>Der f\u00fcnfte Workshop des Forums \u201eKritische Organisationsforschung\u201c fand am 5.-6. Oktober 2017 an der Universit\u00e4t Duisburg-Essen statt. Die Organisatoren waren PD Dr. Ronald Hartz (Technische Universit\u00e4t Chemnitz), Prof. Dr. Werner Nienh\u00fcser (Universit\u00e4t Duisburg-Essen) und&#46;&#46;&#46;<\/p>\n","protected":false},"author":1,"featured_media":0,"parent":266,"menu_order":1,"comment_status":"closed","ping_status":"closed","template":"","meta":{"spay_email":""},"yoast_head":"<!-- This site is optimized with the Yoast SEO plugin v14.4.1 - https:\/\/yoast.com\/wordpress\/plugins\/seo\/ -->\n<title>Workshop 2017 - &quot;\u00c4sthetik und Organisation&quot; - Kritische Organisationsforschung<\/title>\n<meta name=\"robots\" content=\"index, follow\" \/>\n<meta name=\"googlebot\" content=\"index, follow, max-snippet:-1, max-image-preview:large, max-video-preview:-1\" \/>\n<meta name=\"bingbot\" content=\"index, follow, max-snippet:-1, max-image-preview:large, max-video-preview:-1\" \/>\n<link rel=\"canonical\" href=\"http:\/\/www.kritische-organisationsforschung.de\/?page_id=1870\" \/>\n<meta property=\"og:locale\" content=\"de_DE\" \/>\n<meta property=\"og:type\" content=\"article\" \/>\n<meta property=\"og:title\" content=\"Workshop 2017 - &quot;\u00c4sthetik und Organisation&quot; - Kritische Organisationsforschung\" \/>\n<meta property=\"og:description\" content=\"Der f\u00fcnfte Workshop des Forums \u201eKritische Organisationsforschung\u201c fand am 5.-6. Oktober 2017 an der Universit\u00e4t Duisburg-Essen statt. Die Organisatoren waren PD Dr. Ronald Hartz (Technische Universit\u00e4t Chemnitz), Prof. Dr. Werner Nienh\u00fcser (Universit\u00e4t Duisburg-Essen) und&#046;&#046;&#046;\" \/>\n<meta property=\"og:url\" content=\"http:\/\/www.kritische-organisationsforschung.de\/?page_id=1870\" \/>\n<meta property=\"og:site_name\" content=\"Kritische Organisationsforschung\" \/>\n<meta property=\"article:modified_time\" content=\"2018-01-17T09:57:23+00:00\" \/>\n<meta name=\"twitter:card\" content=\"summary_large_image\" \/>\n<script type=\"application\/ld+json\" class=\"yoast-schema-graph\">{\"@context\":\"https:\/\/schema.org\",\"@graph\":[{\"@type\":[\"Person\",\"Organization\"],\"@id\":\"http:\/\/www.kritische-organisationsforschung.de\/#\/schema\/person\/af21231552ccb9e72e80be428f3eb39d\",\"name\":\"Ronald Hartz\",\"image\":{\"@type\":\"ImageObject\",\"@id\":\"http:\/\/www.kritische-organisationsforschung.de\/#personlogo\",\"inLanguage\":\"de\",\"url\":\"http:\/\/0.gravatar.com\/avatar\/624d155aac0712cad634e66552b4f9fe?s=96&d=blank&r=g\",\"caption\":\"Ronald Hartz\"},\"logo\":{\"@id\":\"http:\/\/www.kritische-organisationsforschung.de\/#personlogo\"}},{\"@type\":\"WebSite\",\"@id\":\"http:\/\/www.kritische-organisationsforschung.de\/#website\",\"url\":\"http:\/\/www.kritische-organisationsforschung.de\/\",\"name\":\"Kritische Organisationsforschung\",\"description\":\"a personal blog dedicated to the critical analysis of management, work and organization\",\"publisher\":{\"@id\":\"http:\/\/www.kritische-organisationsforschung.de\/#\/schema\/person\/af21231552ccb9e72e80be428f3eb39d\"},\"potentialAction\":[{\"@type\":\"SearchAction\",\"target\":\"http:\/\/www.kritische-organisationsforschung.de\/?s={search_term_string}\",\"query-input\":\"required name=search_term_string\"}],\"inLanguage\":\"de\"},{\"@type\":\"WebPage\",\"@id\":\"http:\/\/www.kritische-organisationsforschung.de\/?page_id=1870#webpage\",\"url\":\"http:\/\/www.kritische-organisationsforschung.de\/?page_id=1870\",\"name\":\"Workshop 2017 - \\\"\\u00c4sthetik und Organisation\\\" - Kritische Organisationsforschung\",\"isPartOf\":{\"@id\":\"http:\/\/www.kritische-organisationsforschung.de\/#website\"},\"datePublished\":\"2017-02-13T14:22:04+00:00\",\"dateModified\":\"2018-01-17T09:57:23+00:00\",\"inLanguage\":\"de\",\"potentialAction\":[{\"@type\":\"ReadAction\",\"target\":[\"http:\/\/www.kritische-organisationsforschung.de\/?page_id=1870\"]}]}]}<\/script>\n<!-- \/ Yoast SEO plugin. -->","jetpack_shortlink":"https:\/\/wp.me\/P2DMtA-ua","jetpack_likes_enabled":true,"jetpack-related-posts":[],"_links":{"self":[{"href":"http:\/\/www.kritische-organisationsforschung.de\/index.php?rest_route=\/wp\/v2\/pages\/1870"}],"collection":[{"href":"http:\/\/www.kritische-organisationsforschung.de\/index.php?rest_route=\/wp\/v2\/pages"}],"about":[{"href":"http:\/\/www.kritische-organisationsforschung.de\/index.php?rest_route=\/wp\/v2\/types\/page"}],"author":[{"embeddable":true,"href":"http:\/\/www.kritische-organisationsforschung.de\/index.php?rest_route=\/wp\/v2\/users\/1"}],"replies":[{"embeddable":true,"href":"http:\/\/www.kritische-organisationsforschung.de\/index.php?rest_route=%2Fwp%2Fv2%2Fcomments&post=1870"}],"version-history":[{"count":6,"href":"http:\/\/www.kritische-organisationsforschung.de\/index.php?rest_route=\/wp\/v2\/pages\/1870\/revisions"}],"predecessor-version":[{"id":2067,"href":"http:\/\/www.kritische-organisationsforschung.de\/index.php?rest_route=\/wp\/v2\/pages\/1870\/revisions\/2067"}],"up":[{"embeddable":true,"href":"http:\/\/www.kritische-organisationsforschung.de\/index.php?rest_route=\/wp\/v2\/pages\/266"}],"wp:attachment":[{"href":"http:\/\/www.kritische-organisationsforschung.de\/index.php?rest_route=%2Fwp%2Fv2%2Fmedia&parent=1870"}],"curies":[{"name":"wp","href":"https:\/\/api.w.org\/{rel}","templated":true}]}}