{"id":937,"date":"2012-02-02T14:50:43","date_gmt":"2012-02-02T12:50:43","guid":{"rendered":"http:\/\/www.kritische-organisationsforschung.de\/?page_id=937"},"modified":"2015-11-25T17:01:34","modified_gmt":"2015-11-25T15:01:34","slug":"kolloquium-2012-raum-und-organisation","status":"publish","type":"page","link":"http:\/\/www.kritische-organisationsforschung.de\/?page_id=937","title":{"rendered":"Kolloquium 2012 &#8211; &#8222;Raum und Organisation&#8220;"},"content":{"rendered":"<p>In diesem Jahr werden im Rahmen des Forums wieder <strong>Gastvortr\u00e4ge<\/strong> an der TU Chemnitz stattfinden. \u00dcbergreifendes Thema in diesem Jahr ist &#8222;Raum und Organisation&#8220;. Ziel ist es, Raumtheorie und Organisationsforschung ins Gespr\u00e4ch zu bringen:<\/p>\n<p>Am <strong>6.02.2012<\/strong> spricht <strong><em>Prof. Dr. <\/em><em>Bernd Belina<\/em><\/strong> (Goethe-Universit\u00e4t, Frankfurt\/Main) zum Thema <strong>&#8222;Historisch-geographischer Materialismus<\/strong>&#8222;.<\/p>\n<p>Am <strong>25.04.2012<\/strong> wird <strong><em>Dr. Roland Lippuner<\/em><\/strong> (Friedrich-Schiller-Universit\u00e4t Jena) bei uns zu Gast sein und zum Thema <strong>&#8222;Gesellschaft, Organisation, Raum<\/strong>&#8220; sprechen.<\/p>\n<p>F\u00fcr weitere R\u00fcckfragen stehe ich nat\u00fcrlich gerne zur Verf\u00fcgung!<\/p>\n","protected":false},"excerpt":{"rendered":"<p>In diesem Jahr werden im Rahmen des Forums wieder Gastvortr\u00e4ge an der TU Chemnitz stattfinden. \u00dcbergreifendes Thema in diesem Jahr ist &#8222;Raum und Organisation&#8220;. Ziel ist es, Raumtheorie und Organisationsforschung ins Gespr\u00e4ch zu bringen:&#46;&#46;&#46;<\/p>\n","protected":false},"author":1,"featured_media":0,"parent":266,"menu_order":7,"comment_status":"open","ping_status":"open","template":"","meta":{"spay_email":""},"yoast_head":"<!-- This site is optimized with the Yoast SEO plugin v14.4.1 - https:\/\/yoast.com\/wordpress\/plugins\/seo\/ -->\n<title>Kolloquium 2012 - &quot;Raum und Organisation&quot; - Kritische Organisationsforschung<\/title>\n<meta name=\"robots\" content=\"index, follow\" \/>\n<meta name=\"googlebot\" content=\"index, follow, max-snippet:-1, max-image-preview:large, max-video-preview:-1\" \/>\n<meta name=\"bingbot\" content=\"index, follow, max-snippet:-1, max-image-preview:large, max-video-preview:-1\" \/>\n<link rel=\"canonical\" href=\"http:\/\/www.kritische-organisationsforschung.de\/?page_id=937\" \/>\n<meta property=\"og:locale\" content=\"de_DE\" \/>\n<meta property=\"og:type\" content=\"article\" \/>\n<meta property=\"og:title\" content=\"Kolloquium 2012 - &quot;Raum und Organisation&quot; - Kritische Organisationsforschung\" \/>\n<meta property=\"og:description\" content=\"In diesem Jahr werden im Rahmen des Forums wieder Gastvortr\u00e4ge an der TU Chemnitz stattfinden. \u00dcbergreifendes Thema in diesem Jahr ist &#8222;Raum und Organisation&#8220;. Ziel ist es, Raumtheorie und Organisationsforschung ins Gespr\u00e4ch zu bringen:&#046;&#046;&#046;\" \/>\n<meta property=\"og:url\" content=\"http:\/\/www.kritische-organisationsforschung.de\/?page_id=937\" \/>\n<meta property=\"og:site_name\" content=\"Kritische Organisationsforschung\" \/>\n<meta property=\"article:modified_time\" content=\"2015-11-25T15:01:34+00:00\" \/>\n<meta name=\"twitter:card\" content=\"summary_large_image\" \/>\n<script type=\"application\/ld+json\" class=\"yoast-schema-graph\">{\"@context\":\"https:\/\/schema.org\",\"@graph\":[{\"@type\":[\"Person\",\"Organization\"],\"@id\":\"http:\/\/www.kritische-organisationsforschung.de\/#\/schema\/person\/af21231552ccb9e72e80be428f3eb39d\",\"name\":\"Ronald Hartz\",\"image\":{\"@type\":\"ImageObject\",\"@id\":\"http:\/\/www.kritische-organisationsforschung.de\/#personlogo\",\"inLanguage\":\"de\",\"url\":\"http:\/\/0.gravatar.com\/avatar\/624d155aac0712cad634e66552b4f9fe?s=96&d=blank&r=g\",\"caption\":\"Ronald Hartz\"},\"logo\":{\"@id\":\"http:\/\/www.kritische-organisationsforschung.de\/#personlogo\"}},{\"@type\":\"WebSite\",\"@id\":\"http:\/\/www.kritische-organisationsforschung.de\/#website\",\"url\":\"http:\/\/www.kritische-organisationsforschung.de\/\",\"name\":\"Kritische Organisationsforschung\",\"description\":\"a personal blog dedicated to the critical analysis of management, work and organization\",\"publisher\":{\"@id\":\"http:\/\/www.kritische-organisationsforschung.de\/#\/schema\/person\/af21231552ccb9e72e80be428f3eb39d\"},\"potentialAction\":[{\"@type\":\"SearchAction\",\"target\":\"http:\/\/www.kritische-organisationsforschung.de\/?s={search_term_string}\",\"query-input\":\"required name=search_term_string\"}],\"inLanguage\":\"de\"},{\"@type\":\"WebPage\",\"@id\":\"http:\/\/www.kritische-organisationsforschung.de\/?page_id=937#webpage\",\"url\":\"http:\/\/www.kritische-organisationsforschung.de\/?page_id=937\",\"name\":\"Kolloquium 2012 - \\\"Raum und Organisation\\\" - Kritische Organisationsforschung\",\"isPartOf\":{\"@id\":\"http:\/\/www.kritische-organisationsforschung.de\/#website\"},\"datePublished\":\"2012-02-02T12:50:43+00:00\",\"dateModified\":\"2015-11-25T15:01:34+00:00\",\"inLanguage\":\"de\",\"potentialAction\":[{\"@type\":\"ReadAction\",\"target\":[\"http:\/\/www.kritische-organisationsforschung.de\/?page_id=937\"]}]}]}<\/script>\n<!-- \/ Yoast SEO plugin. -->","jetpack_shortlink":"https:\/\/wp.me\/P2DMtA-f7","jetpack_likes_enabled":true,"jetpack-related-posts":[],"_links":{"self":[{"href":"http:\/\/www.kritische-organisationsforschung.de\/index.php?rest_route=\/wp\/v2\/pages\/937"}],"collection":[{"href":"http:\/\/www.kritische-organisationsforschung.de\/index.php?rest_route=\/wp\/v2\/pages"}],"about":[{"href":"http:\/\/www.kritische-organisationsforschung.de\/index.php?rest_route=\/wp\/v2\/types\/page"}],"author":[{"embeddable":true,"href":"http:\/\/www.kritische-organisationsforschung.de\/index.php?rest_route=\/wp\/v2\/users\/1"}],"replies":[{"embeddable":true,"href":"http:\/\/www.kritische-organisationsforschung.de\/index.php?rest_route=%2Fwp%2Fv2%2Fcomments&post=937"}],"version-history":[{"count":1,"href":"http:\/\/www.kritische-organisationsforschung.de\/index.php?rest_route=\/wp\/v2\/pages\/937\/revisions"}],"predecessor-version":[{"id":938,"href":"http:\/\/www.kritische-organisationsforschung.de\/index.php?rest_route=\/wp\/v2\/pages\/937\/revisions\/938"}],"up":[{"embeddable":true,"href":"http:\/\/www.kritische-organisationsforschung.de\/index.php?rest_route=\/wp\/v2\/pages\/266"}],"wp:attachment":[{"href":"http:\/\/www.kritische-organisationsforschung.de\/index.php?rest_route=%2Fwp%2Fv2%2Fmedia&parent=937"}],"curies":[{"name":"wp","href":"https:\/\/api.w.org\/{rel}","templated":true}]}}